{"id":45,"date":"2015-03-15T16:53:24","date_gmt":"2015-03-15T14:53:24","guid":{"rendered":"http:\/\/www.glossa.fi\/wp\/?page_id=45"},"modified":"2026-03-24T11:33:43","modified_gmt":"2026-03-24T09:33:43","slug":"valoisa-keskiaika","status":"publish","type":"page","link":"https:\/\/www.glossa.fi\/wp\/?page_id=45","title":{"rendered":"Valoisa keskiaika"},"content":{"rendered":"\n<h2>Vuoden 2026 Valoisa keskiaika -kunniamaininta professori Kirsi Saloselle<\/h2>\n\n\n\n<p>Keskiajan tutkimuksen seura Glossa ry on my\u00f6nt\u00e4nyt Valoisa keskiaika -kunniamaininnan professori Kirsi Saloselle. Kunniamaininta jaettiin nyt kahdettatoista kertaa. Salonen on sek\u00e4 historian ett\u00e4 oikeustieteen tohtori ja ty\u00f6skentelee t\u00e4ll\u00e4 hetkell\u00e4 Bergenin yliopiston keskiajan historian professorina.<\/p>\n\n\n\n<figure class=\"wp-block-image size-large is-resized\"><a href=\"https:\/\/www.glossa.fi\/wp\/wp-content\/uploads\/2026\/03\/Copy-of-Bjorg-Teigland_Salonen-30052023.jpg\"><img loading=\"lazy\" src=\"https:\/\/www.glossa.fi\/wp\/wp-content\/uploads\/2026\/03\/Copy-of-Bjorg-Teigland_Salonen-30052023-680x1024.jpg\" alt=\"\" class=\"wp-image-2695\" width=\"359\" height=\"541\" srcset=\"https:\/\/www.glossa.fi\/wp\/wp-content\/uploads\/2026\/03\/Copy-of-Bjorg-Teigland_Salonen-30052023-680x1024.jpg 680w, https:\/\/www.glossa.fi\/wp\/wp-content\/uploads\/2026\/03\/Copy-of-Bjorg-Teigland_Salonen-30052023-199x300.jpg 199w, https:\/\/www.glossa.fi\/wp\/wp-content\/uploads\/2026\/03\/Copy-of-Bjorg-Teigland_Salonen-30052023-768x1156.jpg 768w, https:\/\/www.glossa.fi\/wp\/wp-content\/uploads\/2026\/03\/Copy-of-Bjorg-Teigland_Salonen-30052023-1020x1536.jpg 1020w, https:\/\/www.glossa.fi\/wp\/wp-content\/uploads\/2026\/03\/Copy-of-Bjorg-Teigland_Salonen-30052023-1360x2048.jpg 1360w, https:\/\/www.glossa.fi\/wp\/wp-content\/uploads\/2026\/03\/Copy-of-Bjorg-Teigland_Salonen-30052023.jpg 1663w\" sizes=\"(max-width: 359px) 100vw, 359px\" \/><\/a><figcaption>Kuva: Bj\u00f8rg&nbsp;Teigland<\/figcaption><\/figure>\n\n\n\n<p>Joka toinen vuosi jaettavalla Valoisa keskiaika -kunniamaininnalla kiitet\u00e4\u00e4n sellaista yksil\u00f6\u00e4 tai yhteis\u00f6\u00e4, joka on erityisen merkitt\u00e4v\u00e4ll\u00e4 tavalla edist\u00e4nyt keskiajan tuntemusta ja tutkimusta. Nimens\u00e4 mukaisesti palkinnon tavoitteena on my\u00f6s muistuttaa siit\u00e4, ett\u00e4 keskiaika ei ollut pime\u00e4 ajanjakso vaan merkitt\u00e4v\u00e4 aikakausi, jolla on paljon annettavaa my\u00f6s nykyajalle.<\/p>\n\n\n\n<p>Kirsi Salonen on toiminut Turun yliopistossa apulaisprofessorina ja professorina ja t\u00e4t\u00e4 ennen Tampereen yliopistossa historian oppiaineessa muun muassa Akatemian tutkijatohtorina ja professorin sijaisena. H\u00e4n oli keskeisess\u00e4 roolissa Turku Centre for Medieval and Early Modern Studies -tutkimuskeskuksessa (TUCEMEMS) vuosina 2012\u20132024 ja toimi sen johtajana 2018\u20132021. Vuosina 2019\u20132024 Salonen johti Suomen Akatemian rahoittamaa hanketta, joka tarkasteli paavin kuurian ja Rooman kirkollisten instituutioiden toimintaa l\u00e4nnen suuren skisman aikana (1378\u20131417).<\/p>\n\n\n\n<p>Salonen on ensimm\u00e4inen suomalainen historioitsija, joka on kutsuttu British Academyn Fellow\u2019ksi (2024), ja h\u00e4n on my\u00f6s Commission Internationale de Diplomatique\u2019n j\u00e4sen (2020). Vuodesta 2021 h\u00e4n on toiminut Scandinavian Journal of History -lehden p\u00e4\u00e4toimittajana. Salosella on yli 160 tieteellist\u00e4 julkaisua kuudella kielell\u00e4, joihin sis\u00e4ltyy viisi monografiaa.<\/p>\n\n\n\n<p>Glossa ry:n hallitus kiinnitti p\u00e4\u00e4t\u00f6ksenteossaan erityisesti huomiota siihen, ett\u00e4 professori Kirsi Salonen on yksi kansainv\u00e4lisesti merkitt\u00e4vimmist\u00e4 suomalaisista keskiajantutkijoista. H\u00e4net tunnetaan erityisesti paavillisen hallinnon ja penitentiariaatin historian johtavana tutkijana. Salonen on tutkijanuransa alusta l\u00e4htien ollut keskeinen kirkollisen hallinnon ja sen asiakirjojen tutkimuksen kehitt\u00e4j\u00e4 sek\u00e4 Suomessa ett\u00e4 kansainv\u00e4lisesti. H\u00e4nen tutkimuksensa ovat lis\u00e4nneet ymm\u00e4rryst\u00e4 keskiajan kirkon rakenteista, vallank\u00e4yt\u00f6st\u00e4 ja merkityksest\u00e4.<\/p>\n\n\n\n<p>Turun yliopistossa Salonen on edist\u00e4nyt merkitt\u00e4v\u00e4sti antiikin, keskiajan ja uuden ajan alun opetusta sek\u00e4 tieteenalarajat ylitt\u00e4v\u00e4\u00e4 yhteisty\u00f6t\u00e4 historian, arkeologian, kielten ja oikeustieteen v\u00e4lill\u00e4. Vaikuttavan tieteellisen uransa ohella h\u00e4n on my\u00f6s aktiivinen tieteen popularisoija, joka on kirjoittanut suomenkielisi\u00e4 historiateoksia ja pit\u00e4nyt runsaasti yleis\u00f6luentoja.<\/p>\n\n\n\n<p>Kunniamaininta luovutettiin joka toinen vuosi j\u00e4rjestett\u00e4v\u00e4n Dies Medievales -konferenssin yhteydess\u00e4 Jyv\u00e4skyl\u00e4ss\u00e4 11.3.2026. Konferenssin j\u00e4rjestiv\u00e4t t\u00e4n\u00e4 vuonna Glossa ry ja Jyv\u00e4skyl\u00e4n yliopisto.<\/p>\n\n\n\n<figure class=\"wp-block-image size-large is-resized\"><a href=\"https:\/\/www.glossa.fi\/wp\/wp-content\/uploads\/2026\/03\/ASH32.jpg\"><img loading=\"lazy\" src=\"https:\/\/www.glossa.fi\/wp\/wp-content\/uploads\/2026\/03\/ASH32-768x1024.jpg\" alt=\"\" class=\"wp-image-2696\" width=\"364\" height=\"485\" srcset=\"https:\/\/www.glossa.fi\/wp\/wp-content\/uploads\/2026\/03\/ASH32-768x1024.jpg 768w, https:\/\/www.glossa.fi\/wp\/wp-content\/uploads\/2026\/03\/ASH32-225x300.jpg 225w, https:\/\/www.glossa.fi\/wp\/wp-content\/uploads\/2026\/03\/ASH32-1152x1536.jpg 1152w, https:\/\/www.glossa.fi\/wp\/wp-content\/uploads\/2026\/03\/ASH32.jpg 1200w\" sizes=\"(max-width: 364px) 100vw, 364px\" \/><\/a><figcaption>Professori Kirsi Salonen vastaanottaa Valoisa keskiaika -kunniamaininnan Glossa ry:n puheenjohtaja Anni Hellalta. Kuva: Anna-Stina H\u00e4gglund<\/figcaption><\/figure>\n\n\n\n<hr class=\"wp-block-separator\"\/>\n\n\n\n<h2>Vuoden 2024 Valoisa keskiaika -kunniamaininta dosentti Elina R\u00e4s\u00e4selle<\/h2>\n\n\n\n<p>Keskiajan tutkimuksen seura Glossa ry on my\u00f6nt\u00e4nyt yhdett\u00e4toista kertaa jaettavan Valoisa keskiaika -kunniamaininnan dosentti Elina R\u00e4s\u00e4selle. R\u00e4s\u00e4nen on Helsingin yliopiston ja \u00c5bo Akademin dosentti sek\u00e4 vanhempi yliopistonlehtori Helsingin yliopiston taidehistorian oppiaineessa. Lis\u00e4ksi h\u00e4n toimii Suomen Muinaismuistoyhdistyksen puheenjohtajana, Suomen Muinaismuistos\u00e4\u00e4ti\u00f6n hallituksen j\u00e4senen\u00e4 ja <em>International Center of Medieval Art<\/em> (ICMA) -keskuksen ulkoj\u00e4senen\u00e4.<\/p>\n\n\n\n<p>Joka toinen vuosi jaettavalla Valoisa keskiaika kunniamaininnalla kiitet\u00e4\u00e4n sellaista yksil\u00f6\u00e4 tai yhteis\u00f6\u00e4, joka on erityisen merkitt\u00e4v\u00e4ll\u00e4 tavalla edist\u00e4nyt keskiajan tuntemusta ja tutkimusta. Nimens\u00e4 mukaisesti palkinnon tavoitteena on my\u00f6s muistuttaa siit\u00e4, ett\u00e4 keskiaika ei ollut pime\u00e4 ajanjakso vaan merkitt\u00e4v\u00e4 aikakausi, jolla on paljon annettavaa my\u00f6s nykyajalle.<\/p>\n\n\n\n<p>Palkinnon saaja, dosentti Elina R\u00e4s\u00e4nen, on ty\u00f6skennellyt 2000-luvun alkupuolelta l\u00e4htien m\u00e4\u00e4r\u00e4tietoisesti Suomen keskiaikaisen taiteen ja erityisesti kirkollisten veistosten tutkimuksen ja tunnettuuden edist\u00e4miseksi. Jo h\u00e4nen vuonna 2009 valmistunut, Pyh\u00e4 Anna itse kolmantena-veistoksia k\u00e4sittelev\u00e4 v\u00e4it\u00f6skirjansa uudisti merkitt\u00e4v\u00e4sti keskiajan kuvanveiston tutkimusparadigmaa. R\u00e4s\u00e4nen on siit\u00e4 l\u00e4htien on toiminut aktiivisesti&nbsp; suomalaisen taiteentutkimuksen kansainv\u00e4lisyyden edist\u00e4miseksi R\u00e4s\u00e4sen tutkimus ja toiminta on ulottunut laajemminkin It\u00e4meren alueella ja Pohjois-Eurooppaan. H\u00e4nen aktiivisuutensa ansiosta Suomessa on j\u00e4rjestetty muun muassa taidehistoriallisesti eritt\u00e4in merkitt\u00e4v\u00e4n Kalannin alttarikaappiin liittyv\u00e4 tieteellinen konferenssi sek\u00e4 Suomen ja Viron keskiaikaisiin taidesuhteisiin liittyv\u00e4 <em>\u00dcle Mere &#8211; Yli meren<\/em> konferenssi.<\/p>\n\n\n\n<p>Glossa ry:n hallitus kiinnitti p\u00e4\u00e4t\u00f6ksenteossaan erityisesti huomiota siihen, ett\u00e4 Elina R\u00e4s\u00e4nen on ansiokkaasti vahvistanut alansa teoreettista ja metodologista keskustelua. H\u00e4n on l\u00e4hestynyt keskiajan materiaalista kulttuuria uudella tavalla sis\u00e4llytt\u00e4m\u00e4ll\u00e4 tutkimusaineistoihinsa kirkollisen taiteen lis\u00e4ksi my\u00f6s esimerkiksi maal\u00f6yt\u00f6in\u00e4 saatuja kuvallisia sormuksia. H\u00e4nen johtamassaan ja vuosina 2020-2023 Koneen S\u00e4\u00e4ti\u00f6n rahoituksella toteutetussa Kuvakalske-hankkeessa tutkittiin esineiden muuttumista ja vanhan taiteen usein fragmentaarista luonnetta. Hanke nosti esiin tutkimuksen haasteita, mutta ennen kaikkea sen potentiaalia, kun aineistoa l\u00e4hestyt\u00e4\u00e4n monitieteisesti ja yhdistelem\u00e4ll\u00e4 eri l\u00e4hteit\u00e4.&nbsp;<\/p>\n\n\n\n<p>Valoisa keskiaika -kunniamaininta luovutettiin kahden vuoden v\u00e4lein j\u00e4rjestett\u00e4v\u00e4n Dies Medievales -konferenssin yhteydess\u00e4 Helsingiss\u00e4 7.3.2024. Konferenssi j\u00e4rjestettiin t\u00e4n\u00e4 vuonna&nbsp; Glossa ry:n ja Helsingin yliopiston yhteisty\u00f6ss\u00e4.<\/p>\n\n\n\n<figure class=\"wp-block-image size-large\"><a href=\"http:\/\/www.glossa.fi\/wp\/wp-content\/uploads\/2024\/03\/2023-VS.jpg\"><img loading=\"lazy\" width=\"1024\" height=\"682\" src=\"http:\/\/www.glossa.fi\/wp\/wp-content\/uploads\/2024\/03\/2023-VS-1024x682.jpg\" alt=\"\" class=\"wp-image-2461\" srcset=\"https:\/\/www.glossa.fi\/wp\/wp-content\/uploads\/2024\/03\/2023-VS-1024x682.jpg 1024w, https:\/\/www.glossa.fi\/wp\/wp-content\/uploads\/2024\/03\/2023-VS-300x200.jpg 300w, https:\/\/www.glossa.fi\/wp\/wp-content\/uploads\/2024\/03\/2023-VS-768x512.jpg 768w, https:\/\/www.glossa.fi\/wp\/wp-content\/uploads\/2024\/03\/2023-VS-1536x1024.jpg 1536w, https:\/\/www.glossa.fi\/wp\/wp-content\/uploads\/2024\/03\/2023-VS.jpg 1613w\" sizes=\"(max-width: 1024px) 100vw, 1024px\" \/><\/a><figcaption>Kuva: Veikko Somerpuro<\/figcaption><\/figure>\n\n\n\n<p class=\"has-text-align-center\">***<\/p>\n\n\n<h2>Vuoden 2022 Valoisa keskiaika -kunniamaininta dosentti Markus Hiekkaselle<\/h2>\n<p>Glossa ry on p\u00e4\u00e4tt\u00e4nyt my\u00f6nt\u00e4\u00e4 vuonna 2022 kymmenennen kerran jaettavan Valoisa keskiaika -kunniamaininnan professori Markus Hiekkaselle. H\u00e4n on Helsingin yliopiston keskiajan taidehistorian dosentti ja Turun yliopiston keskiajan arkeologian dosentti.<\/p>\n<p>Joka toinen vuosi jaettavalla Valoisa keskiaika kunniamaininnalla kiitet\u00e4\u00e4n sellaista yksil\u00f6\u00e4 tai yhteis\u00f6\u00e4, joka on erityisesti toiminut keskiajan tuntemuksen ja tutkimuksen edist\u00e4miseksi. Nimens\u00e4 mukaisesti palkinnon tavoitteena on my\u00f6s muistuttaa siit\u00e4, ett\u00e4 keskiaika ei ollut pime\u00e4 ajanjakso vaan merkitt\u00e4v\u00e4 aikakausi, jolla on paljon annettavaa my\u00f6s nykyajalle.<\/p>\n<p>Palkinnon saaja, professori Markus Hiekkanen, on tehnyt pitk\u00e4n uransa erityisesti keskiaikaisten kirkkorakennusten ja niiden sisustuksen tutkimuksen parissa. H\u00e4n on kehitt\u00e4nyt alan tutkimusmenetelmi\u00e4 ja tehnyt systemaattista kartoitusty\u00f6t\u00e4 dokumentoimalla kirkkojen eri rakennusosia ja piirteit\u00e4. T\u00e4m\u00e4n aineistonkeruun pohjalta h\u00e4n on uudelleenarvioinut muun muassa kirkkojen ajoitusta, mit\u00e4 kautta kuvamme kristinuskon vakiintumisesta ja levi\u00e4misest\u00e4 Suomen alueella on tarkentunut. <em>Suomen kivikirkot keskiajalla<\/em> (Otava 2003) ja <em>Suomen keskiajan kivikirkot<\/em> (SKS, ensimm\u00e4inen painos 2007) ovatkin alan perusteoksia. H\u00e4n on julkaissut aiheesta vastik\u00e4\u00e4n laajan kirjan my\u00f6s Ruotsissa, <em>Finlands medeltida stenkyrkor <\/em>(Kungl. Vitterhets historia akademien och antikvitetes akademien 2020).<\/p>\n<p>T\u00e4n\u00e4 vuonna palkinnosta p\u00e4\u00e4tt\u00e4v\u00e4 Glossa ry:n hallitus kiinnitti erityisesti huomiota siihen, ett\u00e4 palkinnon saaja on tehnyt akateemisen yleis\u00f6n lis\u00e4ksi keskiaikaa tunnetuksi my\u00f6s suurelle yleis\u00f6lle muun muassa esitelmien ja opastusten avulla.<\/p>\n<p>Kunniamaininta luovutettiin Dies Medievales -konferenssin yhteydess\u00e4 Turussa perjantaina 11.3.2022.&nbsp; Kahden vuoden v\u00e4lein j\u00e4rjestett\u00e4v\u00e4n <em>Dies Medievales<\/em> -konferenssin j\u00e4rjestiv\u00e4t vuonna 2022 Suomen keskiajantutkimuksen seura Glossa ry yhdess\u00e4 Turun yliopiston, \u00c5bo Akademin ja Turun yliopiston vanhempien aikojen tutkimuskeskuksen TUCEMEMSin kanssa.<\/p>\n<p style=\"text-align: center;\">* * *<\/p>\n<h2>Vuoden 2019 Valoisa keskiaika -kunniamaininta dosentti Georg Haggr\u00e9nille<\/h2>\n<p>Glossa jakaa joka toinen vuosi Valoisa keskiaika -kunniamaininnan. T\u00e4ll\u00e4 seura haluaa kiitt\u00e4\u00e4 yksil\u00f6\u00e4 tai yhteis\u00f6\u00e4, joka on erityisesti toiminut keskiajan tuntemuksen ja tutkimuksen edist\u00e4miseksi. Samalla yhdistys haluaa kiinnitt\u00e4\u00e4 huomiota siihen, ett\u00e4 keskiaika ei ole \u201dpime\u00e4\u201d ajanjakso vaan aikakausi, jonka tuntemus on t\u00e4rke\u00e4\u00e4 nykyp\u00e4iv\u00e4nkin ymm\u00e4rt\u00e4miseksi.<\/p>\n<p>Vuonna 2019 Glossa ry my\u00f6nt\u00e4\u00e4 kunniamaininnan dosentti Georg Haggr\u00e9nille. Haggr\u00e9n on tehnyt suurty\u00f6n suomalaisen keskiajan arkeologian eteen. H\u00e4n on tutkinut varsinkin asuinpaikkoja, jotka ovat historiantutkimuksen kannalta t\u00e4rke\u00e4 ja Suomessa huonosti tunnettu muinaisj\u00e4\u00e4nn\u00f6sryhm\u00e4. Erityisesti Mankbyn kaivaukset ovat muuttaneet kuvaamme Suomen keskiajan talonpoikaisv\u00e4est\u00f6st\u00e4. Haggr\u00e9nilla on laajat skandinaaviset kontaktit ja h\u00e4n hallitsee uusimman arkeologisen metodologian. H\u00e4n on ollut ratkaisevassa osassa mm. Uudenmaan asutus- ja viljelyhistoriaa mullistaneessa siitep\u00f6lytutkimuksessa.<\/p>\n<p>Haggr\u00e9n tuntee erityisen hyvin my\u00f6s Suomen keskiajan ja 1500-luvun kirjalliset l\u00e4hteet. H\u00e4nell\u00e4 on vankka tausta sek\u00e4 historian ett\u00e4 arkeologian oppiaineissa. H\u00e4nen tutkimuksensa on aidosti poikkitieteellist\u00e4, ja h\u00e4n osaa hy\u00f6dynt\u00e4\u00e4 my\u00f6s 1600- ja 1700-lukujen kartta-aineistoja eritt\u00e4in taitavasti. Haggr\u00e9nin kokonaisvaltainen aineiston hallinta tulee hienosti esiin Gaudeamuksen kustantaman <em>Muinaisuutemme j\u00e4ljet<\/em> -teoksen keskiaikaosiossa, joka on paitsi katsaus keskiajan arkeologiseen aineistoon my\u00f6s ajantasaisin yleisesitys Suomen keskiajan historiasta.<\/p>\n<p>Virant\u00e4yt\u00f6iss\u00e4 Haggr\u00e9nin kohtalo on valitettavasti ollut se, mik\u00e4 tulee juhlapuheista huolimatta niin monen aidosti poikkitieteellisen tutkijan osaksi: pysyv\u00e4\u00e4 akateemista ty\u00f6paikkaa ei ole l\u00f6ytynyt. Siit\u00e4 huolimatta Haggr\u00e9n on kasvattanut laajan seuraajapolven Helsingin arkeologian laitoksella, jossa h\u00e4nen vet\u00e4m\u00e4\u00e4ns\u00e4 historiallisen ajan arkeologian seminaariin osallistuu aktiivisesti noin viisitoista graduntekij\u00e4\u00e4 ja jatko-opiskelijaa. Haggr\u00e9n on omistanut el\u00e4m\u00e4ns\u00e4 suomalaisen keskiajan arkeologian tutkimukselle t\u00e4ysin pyyteett\u00f6m\u00e4sti. H\u00e4n ei n\u00e4y medioissa eik\u00e4 kamppaile kyyn\u00e4rp\u00e4\u00e4t ylh\u00e4\u00e4ll\u00e4 akateemisen maailman kulisseissa. H\u00e4n tuo esiin asioita, avoimia tutkimuskysymyksi\u00e4 ja tutkimustuloksia, itse\u00e4\u00e4n ei juuri koskaan.<\/p>\n<p>Kunniamaininta luovutettiin Dies Mediaevales -konferenssin yhteydess\u00e4 Jyv\u00e4skyl\u00e4ss\u00e4 perjantaina 29.3.2019. Kahden vuoden v\u00e4lein j\u00e4rjestett\u00e4v\u00e4n tieteellisen konferenssin j\u00e4rjest\u00e4j\u00e4n\u00e4 on t\u00e4ll\u00e4 kertaa Glossa ry:n ohella Jyv\u00e4skyl\u00e4n yliopiston keskiajan tutkimusryhm\u00e4 Ramus virens \u2013 JYU Medieval Studies, Jyv\u00e4skyl\u00e4 yliopiston kieli- ja viestint\u00e4tieteiden laitos sek\u00e4 Lamemoli-projekti (SA ja JY no.307635, 2017-2018).<\/p>\n<p>Yhdistys on aikaisempina vuosina jakanut tunnustuksen seuraaville tahoille:<\/p>\n<ul>\n<li><a href=\"http:\/\/www.glossa.fi\/wp\/?page_id=1055\">2017 Ravattulan Ristim\u00e4ki -hanke (Turun yliopisto)<\/a><\/li>\n<li>2015 Professori, FT Kaisa H\u00e4kkinen (Suomen kieli ja suomalais-ugrilainen kielentutkimus, Turun yliopisto)<\/li>\n<li>2012 Dos., FT Tuomas Heikkil\u00e4 (Helsingin yliopisto)<\/li>\n<li>2010 Dos., FT Matti Kilpi\u00f6, (Helsingin yliopisto)<\/li>\n<li>2008 Dos., FT Maiju Lehmijoki-Gardner (Helsingin yliopisto)<\/li>\n<li>2006 P\u00e4\u00e4sihteeri, FT Tuomas M.S. Lehtonen (Suomalaisen kirjallisuuden seura, Helsinki)<\/li>\n<li>2005 Professori, FT Jukka Korpela (Historian laitos, Joensuun yliopisto)<\/li>\n<li>2002 Yliopistonlehtori, TT Pauli Annala (Systemaattisen teologian laitos, Helsingin yliopisto)<\/li>\n<\/ul>","protected":false},"excerpt":{"rendered":"<p>Vuoden 2026 Valoisa keskiaika -kunniamaininta professori Kirsi Saloselle Keskiajan tutkimuksen seura Glossa ry on my\u00f6nt\u00e4nyt Valoisa keskiaika -kunniamaininnan professori Kirsi Saloselle. Kunniamaininta jaettiin nyt kahdettatoista kertaa. Salonen on sek\u00e4 historian ett\u00e4 oikeustieteen tohtori ja ty\u00f6skentelee t\u00e4ll\u00e4 hetkell\u00e4 Bergenin yliopiston keskiajan historian professorina. Joka toinen vuosi jaettavalla Valoisa keskiaika -kunniamaininnalla kiitet\u00e4\u00e4n sellaista yksil\u00f6\u00e4 tai yhteis\u00f6\u00e4, joka [&hellip;]<\/p>\n","protected":false},"author":1,"featured_media":0,"parent":0,"menu_order":0,"comment_status":"closed","ping_status":"open","template":"","meta":[],"_links":{"self":[{"href":"https:\/\/www.glossa.fi\/wp\/index.php?rest_route=\/wp\/v2\/pages\/45"}],"collection":[{"href":"https:\/\/www.glossa.fi\/wp\/index.php?rest_route=\/wp\/v2\/pages"}],"about":[{"href":"https:\/\/www.glossa.fi\/wp\/index.php?rest_route=\/wp\/v2\/types\/page"}],"author":[{"embeddable":true,"href":"https:\/\/www.glossa.fi\/wp\/index.php?rest_route=\/wp\/v2\/users\/1"}],"replies":[{"embeddable":true,"href":"https:\/\/www.glossa.fi\/wp\/index.php?rest_route=%2Fwp%2Fv2%2Fcomments&post=45"}],"version-history":[{"count":16,"href":"https:\/\/www.glossa.fi\/wp\/index.php?rest_route=\/wp\/v2\/pages\/45\/revisions"}],"predecessor-version":[{"id":2702,"href":"https:\/\/www.glossa.fi\/wp\/index.php?rest_route=\/wp\/v2\/pages\/45\/revisions\/2702"}],"wp:attachment":[{"href":"https:\/\/www.glossa.fi\/wp\/index.php?rest_route=%2Fwp%2Fv2%2Fmedia&parent=45"}],"curies":[{"name":"wp","href":"https:\/\/api.w.org\/{rel}","templated":true}]}}